{"id":24,"date":"2017-04-23T14:27:51","date_gmt":"2017-04-23T11:27:51","guid":{"rendered":"http:\/\/www.hubider.com\/?page_id=24"},"modified":"2021-10-24T16:55:38","modified_gmt":"2021-10-24T13:55:38","slug":"dernek-uyeligi","status":"publish","type":"page","link":"https:\/\/www.kriminalofis.com\/hubider\/dernek-uyeligi\/","title":{"rendered":"Dernek \u00dcyeli\u011fi"},"content":{"rendered":"<p><span style=\"font-family: Arial, serif;\">Derne\u011fin ama\u00e7 ve ilkelerini benimseyerek bu do\u011frultuda \u00e7al\u0131\u015fmay\u0131 kabul eden ve mevzuat\u0131n \u00f6ng\u00f6rd\u00fc\u011f\u00fc ko\u015fullar\u0131n\u0131 ta\u015f\u0131yan her ger\u00e7ek ve t\u00fczel ki\u015fi <\/span><span style=\"font-family: Arial, serif;\">derne\u011fimize <\/span><span style=\"font-family: Arial, serif;\">\u00fcye olma hakk\u0131na sahiptir. <\/span><span style=\"font-family: Arial, serif;\">Ayr\u0131ca, h<\/span><span style=\"font-family: Arial, serif;\">er \u00fcye yaz\u0131l\u0131 olarak bildirmek kayd\u0131yla, dernekten \u00e7\u0131kma hakk\u0131na sahiptir. \u00dcyenin istifa dilek\u00e7esi y\u00f6netim kuruluna ula\u015ft\u0131\u011f\u0131 anda \u00e7\u0131k\u0131\u015f i\u015flemleri sonu\u00e7lanm\u0131\u015f say\u0131l\u0131r. <\/span><\/p>\n<p>Derne\u011fimize \u00dcye olmak i\u00e7in,<\/p>\n<ol>\n<li value=\"NaN\">A\u015fa\u011f\u0131daki linkteki \u00dcYE KAYIT FORMU&#8217;nun doldurulup \u0131slak imza ile imzalanmas\u0131, bu belgenin foto\u011fraf\u0131n\u0131n \u00e7ekilerek ve de ayr\u0131ca \u00f6nl\u00fc arkal\u0131 KiML\u0130K BELGES\u0130 g\u00f6r\u00fcnt\u00fcs\u00fcn\u00fcn Derne\u011fimiz WHATSAPP Hatt\u0131 olan 0532 176 96 23 numaras\u0131na g\u00f6nderilmesi,<\/li>\n<li value=\"NaN\">A\u015fa\u011f\u0131daki Online\u00a0\u00dcyelik Formunun doldurulup \u201c G\u00d6NDER\u201d tu\u015funa basarak bu siteden taraf\u0131m\u0131za elektronik ortamla g\u00f6ndermeniz gerekmektedir.<\/li>\n<\/ol>\n<p><strong><a href=\"http:\/\/www.hubider.com\/wp-content\/uploads\/2017\/04\/uyelik-formu.docx\">\u00dcye Kay\u0131t Formunu \u0130ndir<\/a><\/strong><\/p>\n<p>[si-contact-form form=&#8217;1&#8242;]<\/p>\n","protected":false},"excerpt":{"rendered":"<p>Derne\u011fin ama\u00e7 ve ilkelerini benimseyerek bu do\u011frultuda \u00e7al\u0131\u015fmay\u0131 kabul eden ve mevzuat\u0131n \u00f6ng\u00f6rd\u00fc\u011f\u00fc ko\u015fullar\u0131n\u0131 ta\u015f\u0131yan her ger\u00e7ek ve t\u00fczel ki\u015fi derne\u011fimize \u00fcye olma hakk\u0131na sahiptir. Ayr\u0131ca, her \u00fcye yaz\u0131l\u0131 olarak bildirmek kayd\u0131yla, dernekten \u00e7\u0131kma hakk\u0131na sahiptir. \u00dcyenin istifa dilek\u00e7esi y\u00f6netim &hellip;<\/p>\n<p class=\"read-more\"> <a class=\"more-link\" href=\"https:\/\/www.kriminalofis.com\/hubider\/dernek-uyeligi\/\"> <span class=\"screen-reader-text\">Dernek \u00dcyeli\u011fi<\/span> Devam\u0131n\u0131 Oku &raquo;<\/a><\/p>\n<a class=\"excerpt-more\" href=\"https:\/\/www.kriminalofis.com\/hubider\/dernek-uyeligi\/\">Read More<i class=\"fa fa-chevron-circle-right\" aria-hidden=\"true\"><\/i><\/a>","protected":false},"author":1,"featured_media":0,"parent":0,"menu_order":0,"comment_status":"closed","ping_status":"closed","template":"","meta":{"footnotes":""},"class_list":["post-24","page","type-page","status-publish","hentry"],"_links":{"self":[{"href":"https:\/\/www.kriminalofis.com\/hubider\/wp-json\/wp\/v2\/pages\/24","targetHints":{"allow":["GET"]}}],"collection":[{"href":"https:\/\/www.kriminalofis.com\/hubider\/wp-json\/wp\/v2\/pages"}],"about":[{"href":"https:\/\/www.kriminalofis.com\/hubider\/wp-json\/wp\/v2\/types\/page"}],"author":[{"embeddable":true,"href":"https:\/\/www.kriminalofis.com\/hubider\/wp-json\/wp\/v2\/users\/1"}],"replies":[{"embeddable":true,"href":"https:\/\/www.kriminalofis.com\/hubider\/wp-json\/wp\/v2\/comments?post=24"}],"version-history":[{"count":5,"href":"https:\/\/www.kriminalofis.com\/hubider\/wp-json\/wp\/v2\/pages\/24\/revisions"}],"predecessor-version":[{"id":102,"href":"https:\/\/www.kriminalofis.com\/hubider\/wp-json\/wp\/v2\/pages\/24\/revisions\/102"}],"wp:attachment":[{"href":"https:\/\/www.kriminalofis.com\/hubider\/wp-json\/wp\/v2\/media?parent=24"}],"curies":[{"name":"wp","href":"https:\/\/api.w.org\/{rel}","templated":true}]}}